
{"id":1482,"date":"2021-09-21T09:29:30","date_gmt":"2021-09-21T09:29:30","guid":{"rendered":"https:\/\/pcstock.es\/politica-de-privacidade\/"},"modified":"2021-09-21T09:29:40","modified_gmt":"2021-09-21T09:29:40","slug":"politica-de-privacidade","status":"publish","type":"page","link":"https:\/\/pcstock.es\/pt-pt\/politica-de-privacidade\/","title":{"rendered":"Pol\u00edtica de privacidade"},"content":{"rendered":"\n<h2>Quem somos n\u00f3s<\/h2>\n\n<p>O endere\u00e7o do nosso site \u00e9: https:\/\/bisoul.es<\/p>\n\n<h2>Que dados pessoais recolhemos e porque os recolhemos<\/h2>\n\n<h3>Coment\u00e1rios<\/h3>\n\n<p>Quando os visitantes deixam coment\u00e1rios no site, n\u00f3s coletamos os dados exibidos no formul\u00e1rio de coment\u00e1rios, bem como o endere\u00e7o IP do visitante e a string do agente de usu\u00e1rio do navegador para ajudar na detec\u00e7\u00e3o de spam.<\/p>\n\n<p>Uma string an\u00f4nima criada a partir do seu endere\u00e7o de e-mail (tamb\u00e9m chamada de hash) pode ser fornecida para o servi\u00e7o Gravatar para ver se voc\u00ea est\u00e1 usando-a. A pol\u00edtica de privacidade do servi\u00e7o Gravatar est\u00e1 dispon\u00edvel aqui: https:\/\/automattic.com\/privacy\/. Ap\u00f3s a aprova\u00e7\u00e3o do seu coment\u00e1rio, a imagem do seu perfil \u00e9 vis\u00edvel ao p\u00fablico no contexto do seu coment\u00e1rio.<\/p>\n\n<h3>M\u00eddia<\/h3>\n\n<p>Se voc\u00ea carregar imagens na web, voc\u00ea deve evitar carregar imagens com dados de localiza\u00e7\u00e3o (GPS EXIF) inclu\u00eddos. Os visitantes do site podem baixar e extrair quaisquer dados de localiza\u00e7\u00e3o das imagens do site.<\/p>\n\n<h3>Formul\u00e1rios de contato<\/h3>\n\n<h3>Biscoitos<\/h3>\n\n<p>Se voc\u00ea deixar um coment\u00e1rio em nosso site voc\u00ea pode escolher salvar seu nome, endere\u00e7o de e-mail e site em cookies. Isto \u00e9 para sua conveni\u00eancia, para que n\u00e3o tenha de voltar a preencher os seus dados quando deixar outro coment\u00e1rio. Estes biscoitos v\u00e3o durar um ano.<\/p>\n\n<p>Se voc\u00ea tiver uma conta e entrar neste site, iremos definir um cookie tempor\u00e1rio para determinar se o seu navegador aceita cookies. Este cookie n\u00e3o cont\u00e9m dados pessoais e \u00e9 apagado quando voc\u00ea fecha o seu navegador.<\/p>\n\n<p>Quando voc\u00ea faz o login, tamb\u00e9m definimos um n\u00famero de cookies para armazenar suas informa\u00e7\u00f5es de login e op\u00e7\u00f5es de exibi\u00e7\u00e3o na tela. Os cookies de login duram dois dias, e as op\u00e7\u00f5es de exibi\u00e7\u00e3o de cookies duram um ano. Se voc\u00ea selecionar &#8220;Lembre-se de mim&#8221;, seu acesso vai durar duas semanas. Se voc\u00ea sair da sua conta, seus cookies de login ser\u00e3o exclu\u00eddos.<\/p>\n\n<p>Se voc\u00ea editar ou publicar um artigo, um cookie adicional ser\u00e1 salvo em seu navegador. Este cookie n\u00e3o inclui dados pessoais e indica simplesmente a identifica\u00e7\u00e3o do artigo que acabou de editar. Expira ap\u00f3s 1 dia.<\/p>\n\n<h3>Conte\u00fado embutido de outros sites<\/h3>\n\n<p>Os artigos neste site podem incluir conte\u00fado incorporado (por exemplo, v\u00eddeos, imagens, artigos, etc.). O conte\u00fado incorporado de outros sites comporta-se exactamente da mesma forma que se o visitante tivesse visitado o outro site.<\/p>\n\n<p>Esses sites podem coletar dados sobre voc\u00ea, usar cookies, incorporar rastreamento adicional de terceiros e monitorar sua intera\u00e7\u00e3o com esse conte\u00fado incorporado, incluindo o rastreamento de sua intera\u00e7\u00e3o com o conte\u00fado incorporado se voc\u00ea tiver uma conta e estiver conectado a esse site.<\/p>\n\n<h3>Anal\u00edticos<\/h3>\n\n<h2>Com quem partilhamos os seus dados<\/h2>\n\n<h2>Quanto tempo guardamos os seus dados<\/h2>\n\n<p>Se voc\u00ea deixar um coment\u00e1rio, o coment\u00e1rio e seus metadados s\u00e3o mantidos indefinidamente. Isto \u00e9 para que possamos reconhecer e aprovar automaticamente os sucessivos coment\u00e1rios, em vez de os mantermos numa fila de modera\u00e7\u00e3o.<\/p>\n\n<p>Dos usu\u00e1rios que se registram em nosso site (se houver), n\u00f3s tamb\u00e9m armazenamos as informa\u00e7\u00f5es pessoais que eles fornecem em seu perfil de usu\u00e1rio. Todos os usu\u00e1rios podem visualizar, editar ou excluir suas informa\u00e7\u00f5es pessoais a qualquer momento (exceto que n\u00e3o podem alterar seu nome de usu\u00e1rio). Os administradores do site tamb\u00e9m podem visualizar e editar esta informa\u00e7\u00e3o.<\/p>\n\n<h2>Que direitos voc\u00ea tem sobre os seus dados<\/h2>\n\n<p>Se voc\u00ea tem uma conta ou deixou coment\u00e1rios neste site, voc\u00ea pode pedir para receber um arquivo de exporta\u00e7\u00e3o dos dados pessoais que temos sobre voc\u00ea, incluindo quaisquer dados que voc\u00ea nos tenha fornecido. Voc\u00ea tamb\u00e9m pode solicitar que excluamos quaisquer dados pessoais que tenhamos sobre voc\u00ea. Isto n\u00e3o inclui quaisquer dados que sejamos obrigados a reter para fins administrativos, legais ou de seguran\u00e7a.<\/p>\n\n<h2>Para onde enviamos os seus dados<\/h2>\n\n<p>Os coment\u00e1rios dos visitantes podem ser verificados por um servi\u00e7o autom\u00e1tico de detec\u00e7\u00e3o de spam.<\/p>\n\n<h2>As suas informa\u00e7\u00f5es de contacto<\/h2>\n\n<h2>Informa\u00e7\u00f5es adicionais<\/h2>\n\n<h3>Como protegemos os seus dados<\/h3>\n\n<h3>Que procedimentos usamos contra viola\u00e7\u00f5es de dados?<\/h3>\n\n<h3>De quais terceiros recebemos dados<\/h3>\n\n<h3>Que tipo de decis\u00f5es automatizadas e\/ou perfis fazemos com os dados dos utilizadores<\/h3>\n\n<h3>Exig\u00eancias de divulga\u00e7\u00e3o do sector regulador<\/h3>\n","protected":false},"excerpt":{"rendered":"<p>Quem somos n\u00f3s O endere\u00e7o do nosso site \u00e9: https:\/\/bisoul.es Que dados pessoais recolhemos e porque os recolhemos Coment\u00e1rios Quando os visitantes deixam coment\u00e1rios no site, n\u00f3s coletamos os dados exibidos no formul\u00e1rio de coment\u00e1rios, bem como o endere\u00e7o IP do visitante e a string do agente de usu\u00e1rio do navegador para ajudar na detec\u00e7\u00e3o [&hellip;]<\/p>\n","protected":false},"author":1,"featured_media":0,"parent":0,"menu_order":0,"comment_status":"closed","ping_status":"open","template":"","meta":[],"yoast_head":"<!-- This site is optimized with the Yoast SEO plugin v20.6 - https:\/\/yoast.com\/wordpress\/plugins\/seo\/ -->\n<title>Pol\u00edtica de privacidade - PC STOCK<\/title>\n<meta name=\"description\" content=\"Ordenadores reacondicionados, port\u00e1tiles baratos, productos apple refurbished y tablets econ\u00f3micas. Pc seminuevos \u00a1 y con 1 a\u00f1o de garant\u00eda !.\" \/>\n<meta name=\"robots\" content=\"index, follow, max-snippet:-1, max-image-preview:large, max-video-preview:-1\" \/>\n<link rel=\"canonical\" href=\"https:\/\/pcstock.es\/pt-pt\/politica-de-privacidade\/\" \/>\n<meta property=\"og:locale\" content=\"pt_PT\" \/>\n<meta property=\"og:type\" content=\"article\" \/>\n<meta property=\"og:title\" content=\"Pol\u00edtica de privacidade - PC STOCK\" \/>\n<meta property=\"og:description\" content=\"Ordenadores reacondicionados, port\u00e1tiles baratos, productos apple refurbished y tablets econ\u00f3micas. Pc seminuevos \u00a1 y con 1 a\u00f1o de garant\u00eda !.\" \/>\n<meta property=\"og:url\" content=\"https:\/\/pcstock.es\/pt-pt\/politica-de-privacidade\/\" \/>\n<meta property=\"og:site_name\" content=\"PC STOCK\" \/>\n<meta property=\"article:modified_time\" content=\"2021-09-21T09:29:40+00:00\" \/>\n<meta name=\"twitter:card\" content=\"summary_large_image\" \/>\n<meta name=\"twitter:label1\" content=\"Est. reading time\" \/>\n\t<meta name=\"twitter:data1\" content=\"4 minutes\" \/>\n<script type=\"application\/ld+json\" class=\"yoast-schema-graph\">{\"@context\":\"https:\/\/schema.org\",\"@graph\":[{\"@type\":\"WebPage\",\"@id\":\"https:\/\/pcstock.es\/pt-pt\/politica-de-privacidade\/\",\"url\":\"https:\/\/pcstock.es\/pt-pt\/politica-de-privacidade\/\",\"name\":\"Pol\u00edtica de privacidade - PC STOCK\",\"isPartOf\":{\"@id\":\"https:\/\/pcstock.es\/pt-pt\/#website\"},\"datePublished\":\"2021-09-21T09:29:30+00:00\",\"dateModified\":\"2021-09-21T09:29:40+00:00\",\"description\":\"Ordenadores reacondicionados, port\u00e1tiles baratos, productos apple refurbished y tablets econ\u00f3micas. Pc seminuevos \u00a1 y con 1 a\u00f1o de garant\u00eda !.\",\"breadcrumb\":{\"@id\":\"https:\/\/pcstock.es\/pt-pt\/politica-de-privacidade\/#breadcrumb\"},\"inLanguage\":\"pt-PT\",\"potentialAction\":[{\"@type\":\"ReadAction\",\"target\":[\"https:\/\/pcstock.es\/pt-pt\/politica-de-privacidade\/\"]}]},{\"@type\":\"BreadcrumbList\",\"@id\":\"https:\/\/pcstock.es\/pt-pt\/politica-de-privacidade\/#breadcrumb\",\"itemListElement\":[{\"@type\":\"ListItem\",\"position\":1,\"name\":\"Portada\",\"item\":\"https:\/\/pcstock.es\/pt-pt\/\"},{\"@type\":\"ListItem\",\"position\":2,\"name\":\"Pol\u00edtica de privacidade\"}]},{\"@type\":\"WebSite\",\"@id\":\"https:\/\/pcstock.es\/pt-pt\/#website\",\"url\":\"https:\/\/pcstock.es\/pt-pt\/\",\"name\":\"PC STOCK\",\"description\":\"Ordenadores reacondicionados y accesorios tecnol\u00f3gicos\",\"publisher\":{\"@id\":\"https:\/\/pcstock.es\/pt-pt\/#organization\"},\"potentialAction\":[{\"@type\":\"SearchAction\",\"target\":{\"@type\":\"EntryPoint\",\"urlTemplate\":\"https:\/\/pcstock.es\/pt-pt\/?s={search_term_string}\"},\"query-input\":\"required name=search_term_string\"}],\"inLanguage\":\"pt-PT\"},{\"@type\":\"Organization\",\"@id\":\"https:\/\/pcstock.es\/pt-pt\/#organization\",\"name\":\"Pc Stock\",\"url\":\"https:\/\/pcstock.es\/pt-pt\/\",\"logo\":{\"@type\":\"ImageObject\",\"inLanguage\":\"pt-PT\",\"@id\":\"https:\/\/pcstock.es\/pt-pt\/#\/schema\/logo\/image\/\",\"url\":\"https:\/\/pcstock.es\/wp-content\/uploads\/2020\/11\/logo-pckstock-ordenadores-reacondicionados.png\",\"contentUrl\":\"https:\/\/pcstock.es\/wp-content\/uploads\/2020\/11\/logo-pckstock-ordenadores-reacondicionados.png\",\"width\":268,\"height\":93,\"caption\":\"Pc Stock\"},\"image\":{\"@id\":\"https:\/\/pcstock.es\/pt-pt\/#\/schema\/logo\/image\/\"}}]}<\/script>\n<!-- \/ Yoast SEO plugin. -->","yoast_head_json":{"title":"Pol\u00edtica de privacidade - PC STOCK","description":"Ordenadores reacondicionados, port\u00e1tiles baratos, productos apple refurbished y tablets econ\u00f3micas. Pc seminuevos \u00a1 y con 1 a\u00f1o de garant\u00eda !.","robots":{"index":"index","follow":"follow","max-snippet":"max-snippet:-1","max-image-preview":"max-image-preview:large","max-video-preview":"max-video-preview:-1"},"canonical":"https:\/\/pcstock.es\/pt-pt\/politica-de-privacidade\/","og_locale":"pt_PT","og_type":"article","og_title":"Pol\u00edtica de privacidade - PC STOCK","og_description":"Ordenadores reacondicionados, port\u00e1tiles baratos, productos apple refurbished y tablets econ\u00f3micas. Pc seminuevos \u00a1 y con 1 a\u00f1o de garant\u00eda !.","og_url":"https:\/\/pcstock.es\/pt-pt\/politica-de-privacidade\/","og_site_name":"PC STOCK","article_modified_time":"2021-09-21T09:29:40+00:00","twitter_card":"summary_large_image","twitter_misc":{"Est. reading time":"4 minutes"},"schema":{"@context":"https:\/\/schema.org","@graph":[{"@type":"WebPage","@id":"https:\/\/pcstock.es\/pt-pt\/politica-de-privacidade\/","url":"https:\/\/pcstock.es\/pt-pt\/politica-de-privacidade\/","name":"Pol\u00edtica de privacidade - PC STOCK","isPartOf":{"@id":"https:\/\/pcstock.es\/pt-pt\/#website"},"datePublished":"2021-09-21T09:29:30+00:00","dateModified":"2021-09-21T09:29:40+00:00","description":"Ordenadores reacondicionados, port\u00e1tiles baratos, productos apple refurbished y tablets econ\u00f3micas. Pc seminuevos \u00a1 y con 1 a\u00f1o de garant\u00eda !.","breadcrumb":{"@id":"https:\/\/pcstock.es\/pt-pt\/politica-de-privacidade\/#breadcrumb"},"inLanguage":"pt-PT","potentialAction":[{"@type":"ReadAction","target":["https:\/\/pcstock.es\/pt-pt\/politica-de-privacidade\/"]}]},{"@type":"BreadcrumbList","@id":"https:\/\/pcstock.es\/pt-pt\/politica-de-privacidade\/#breadcrumb","itemListElement":[{"@type":"ListItem","position":1,"name":"Portada","item":"https:\/\/pcstock.es\/pt-pt\/"},{"@type":"ListItem","position":2,"name":"Pol\u00edtica de privacidade"}]},{"@type":"WebSite","@id":"https:\/\/pcstock.es\/pt-pt\/#website","url":"https:\/\/pcstock.es\/pt-pt\/","name":"PC STOCK","description":"Ordenadores reacondicionados y accesorios tecnol\u00f3gicos","publisher":{"@id":"https:\/\/pcstock.es\/pt-pt\/#organization"},"potentialAction":[{"@type":"SearchAction","target":{"@type":"EntryPoint","urlTemplate":"https:\/\/pcstock.es\/pt-pt\/?s={search_term_string}"},"query-input":"required name=search_term_string"}],"inLanguage":"pt-PT"},{"@type":"Organization","@id":"https:\/\/pcstock.es\/pt-pt\/#organization","name":"Pc Stock","url":"https:\/\/pcstock.es\/pt-pt\/","logo":{"@type":"ImageObject","inLanguage":"pt-PT","@id":"https:\/\/pcstock.es\/pt-pt\/#\/schema\/logo\/image\/","url":"https:\/\/pcstock.es\/wp-content\/uploads\/2020\/11\/logo-pckstock-ordenadores-reacondicionados.png","contentUrl":"https:\/\/pcstock.es\/wp-content\/uploads\/2020\/11\/logo-pckstock-ordenadores-reacondicionados.png","width":268,"height":93,"caption":"Pc Stock"},"image":{"@id":"https:\/\/pcstock.es\/pt-pt\/#\/schema\/logo\/image\/"}}]}},"_links":{"self":[{"href":"https:\/\/pcstock.es\/pt-pt\/wp-json\/wp\/v2\/pages\/1482"}],"collection":[{"href":"https:\/\/pcstock.es\/pt-pt\/wp-json\/wp\/v2\/pages"}],"about":[{"href":"https:\/\/pcstock.es\/pt-pt\/wp-json\/wp\/v2\/types\/page"}],"author":[{"embeddable":true,"href":"https:\/\/pcstock.es\/pt-pt\/wp-json\/wp\/v2\/users\/1"}],"replies":[{"embeddable":true,"href":"https:\/\/pcstock.es\/pt-pt\/wp-json\/wp\/v2\/comments?post=1482"}],"version-history":[{"count":3,"href":"https:\/\/pcstock.es\/pt-pt\/wp-json\/wp\/v2\/pages\/1482\/revisions"}],"predecessor-version":[{"id":1487,"href":"https:\/\/pcstock.es\/pt-pt\/wp-json\/wp\/v2\/pages\/1482\/revisions\/1487"}],"wp:attachment":[{"href":"https:\/\/pcstock.es\/pt-pt\/wp-json\/wp\/v2\/media?parent=1482"}],"curies":[{"name":"wp","href":"https:\/\/api.w.org\/{rel}","templated":true}]}}